{"id":5020,"date":"2022-02-17T07:55:00","date_gmt":"2022-02-17T06:55:00","guid":{"rendered":"https:\/\/www.feuerwehr-aumuehle.de\/wopre\/?post_type=einsatz&#038;p=5020"},"modified":"2022-02-17T18:17:37","modified_gmt":"2022-02-17T17:17:37","slug":"th-k-baum-auf-strasse-22","status":"publish","type":"einsatz","link":"https:\/\/www.feuerwehr-aumuehle.de\/wopre\/einsaetze\/th-k-baum-auf-strasse-22\/","title":{"rendered":"TH K &#8211; Baum auf Stra\u00dfe"},"content":{"rendered":"\n<p>Auf der L208 in Richtung Kr\u00f6ppelshagen war ein Baum auf die Fahrbahn gest\u00fcrzt. Dieser war in Teilen bereits durch Dritte zers\u00e4gt, jedoch nicht von der Fahrbahn ger\u00e4umt. Da ein weiterer Baum zu fallen drohte, wurde dieser nach R\u00fccksprache mit dem Revierf\u00f6rster durch die Feuerwehr Aum\u00fchle gef\u00e4llt und zerkleinert.<\/p>\n","protected":false},"author":2,"featured_media":0,"template":"","meta":{"einsatz_weight":1,"footnotes":""},"categories":[],"tags":[],"einsatzart":[207],"fahrzeug":[163,4,8],"exteinsatzmittel":[273],"alarmierungsart":[179],"evw_unit":[],"class_list":["post-5020","einsatz","type-einsatz","status-publish","hentry","einsatzart-thk","fahrzeug-hlf","fahrzeug-lf","fahrzeug-mzf","exteinsatzmittel-revierfoerster","alarmierungsart-kreisleitstelle"],"_links":{"self":[{"href":"https:\/\/www.feuerwehr-aumuehle.de\/wopre\/wp-json\/wp\/v2\/einsatz\/5020","targetHints":{"allow":["GET"]}}],"collection":[{"href":"https:\/\/www.feuerwehr-aumuehle.de\/wopre\/wp-json\/wp\/v2\/einsatz"}],"about":[{"href":"https:\/\/www.feuerwehr-aumuehle.de\/wopre\/wp-json\/wp\/v2\/types\/einsatz"}],"author":[{"embeddable":true,"href":"https:\/\/www.feuerwehr-aumuehle.de\/wopre\/wp-json\/wp\/v2\/users\/2"}],"version-history":[{"count":1,"href":"https:\/\/www.feuerwehr-aumuehle.de\/wopre\/wp-json\/wp\/v2\/einsatz\/5020\/revisions"}],"predecessor-version":[{"id":5021,"href":"https:\/\/www.feuerwehr-aumuehle.de\/wopre\/wp-json\/wp\/v2\/einsatz\/5020\/revisions\/5021"}],"wp:attachment":[{"href":"https:\/\/www.feuerwehr-aumuehle.de\/wopre\/wp-json\/wp\/v2\/media?parent=5020"}],"wp:term":[{"taxonomy":"category","embeddable":true,"href":"https:\/\/www.feuerwehr-aumuehle.de\/wopre\/wp-json\/wp\/v2\/categories?post=5020"},{"taxonomy":"post_tag","embeddable":true,"href":"https:\/\/www.feuerwehr-aumuehle.de\/wopre\/wp-json\/wp\/v2\/tags?post=5020"},{"taxonomy":"einsatzart","embeddable":true,"href":"https:\/\/www.feuerwehr-aumuehle.de\/wopre\/wp-json\/wp\/v2\/einsatzart?post=5020"},{"taxonomy":"fahrzeug","embeddable":true,"href":"https:\/\/www.feuerwehr-aumuehle.de\/wopre\/wp-json\/wp\/v2\/fahrzeug?post=5020"},{"taxonomy":"exteinsatzmittel","embeddable":true,"href":"https:\/\/www.feuerwehr-aumuehle.de\/wopre\/wp-json\/wp\/v2\/exteinsatzmittel?post=5020"},{"taxonomy":"alarmierungsart","embeddable":true,"href":"https:\/\/www.feuerwehr-aumuehle.de\/wopre\/wp-json\/wp\/v2\/alarmierungsart?post=5020"},{"taxonomy":"evw_unit","embeddable":true,"href":"https:\/\/www.feuerwehr-aumuehle.de\/wopre\/wp-json\/wp\/v2\/evw_unit?post=5020"}],"curies":[{"name":"wp","href":"https:\/\/api.w.org\/{rel}","templated":true}]}}