{"id":5404,"date":"2022-12-06T03:39:00","date_gmt":"2022-12-06T02:39:00","guid":{"rendered":"https:\/\/www.feuerwehr-aumuehle.de\/wopre\/?post_type=einsatz&#038;p=5404"},"modified":"2022-12-06T08:58:37","modified_gmt":"2022-12-06T07:58:37","slug":"feu-kabelbrand-s-bahnanlage","status":"publish","type":"einsatz","link":"https:\/\/www.feuerwehr-aumuehle.de\/wopre\/einsaetze\/feu-kabelbrand-s-bahnanlage\/","title":{"rendered":"FEU &#8211; Kabelbrand S-Bahnanlage"},"content":{"rendered":"\n<p>Im Bereich der Gleisanlagen der S-Bahn hatten Kabel in einem Kabelschacht gebrannt. Diese wurden mit Wasser aus einer tragbaren L\u00f6scheinrichtung gel\u00f6scht und die Umgebung mit der W\u00e4rmebildkamera auf weitere erw\u00e4rmte Bereiche \u00fcberpr\u00fcft. Abschlie\u00dfend wurde die Einsatzstelle an den DB Notfallmanager \u00fcbergeben. <a href=\"https:\/\/www.feuerwehr-aumuehle.de\/wopre\/einsaetze\/feu-kabelbrand-s-bahnanlage-2\/\">Siehe auch Folgeeinsatz 2022096.<\/a><\/p>\n\n\n\n<hr class=\"wp-block-separator has-alpha-channel-opacity\"\/>\n\n\n\n<h3 class=\"wp-block-heading\">Presse:<\/h3>\n\n\n\n<p><a href=\"https:\/\/www.abendblatt.de\/region\/kreis-lauenburg\/aumuehle\/article237081269\/S21-Kabelbrand-sorgt-fuer-Zugausfaelle-am-Dienstagmorgen.html\" target=\"_blank\" rel=\"noreferrer noopener\">abendblatt.de 06.12.2022<\/a><\/p>\n","protected":false},"author":2,"featured_media":5405,"template":"","meta":{"einsatz_weight":1,"footnotes":""},"categories":[],"tags":[],"einsatzart":[200],"fahrzeug":[163,8],"exteinsatzmittel":[194,43,99],"alarmierungsart":[228,41,229],"evw_unit":[],"class_list":["post-5404","einsatz","type-einsatz","status-publish","has-post-thumbnail","hentry","einsatzart-feu","fahrzeug-hlf","fahrzeug-mzf","exteinsatzmittel-db-notfallmanager","exteinsatzmittel-polizei","exteinsatzmittel-rettungsdienst","alarmierungsart-funkmeldeempfaenger","alarmierungsart-sirene","alarmierungsart-smartphone-app"],"_links":{"self":[{"href":"https:\/\/www.feuerwehr-aumuehle.de\/wopre\/wp-json\/wp\/v2\/einsatz\/5404","targetHints":{"allow":["GET"]}}],"collection":[{"href":"https:\/\/www.feuerwehr-aumuehle.de\/wopre\/wp-json\/wp\/v2\/einsatz"}],"about":[{"href":"https:\/\/www.feuerwehr-aumuehle.de\/wopre\/wp-json\/wp\/v2\/types\/einsatz"}],"author":[{"embeddable":true,"href":"https:\/\/www.feuerwehr-aumuehle.de\/wopre\/wp-json\/wp\/v2\/users\/2"}],"version-history":[{"count":2,"href":"https:\/\/www.feuerwehr-aumuehle.de\/wopre\/wp-json\/wp\/v2\/einsatz\/5404\/revisions"}],"predecessor-version":[{"id":5411,"href":"https:\/\/www.feuerwehr-aumuehle.de\/wopre\/wp-json\/wp\/v2\/einsatz\/5404\/revisions\/5411"}],"wp:featuredmedia":[{"embeddable":true,"href":"https:\/\/www.feuerwehr-aumuehle.de\/wopre\/wp-json\/wp\/v2\/media\/5405"}],"wp:attachment":[{"href":"https:\/\/www.feuerwehr-aumuehle.de\/wopre\/wp-json\/wp\/v2\/media?parent=5404"}],"wp:term":[{"taxonomy":"category","embeddable":true,"href":"https:\/\/www.feuerwehr-aumuehle.de\/wopre\/wp-json\/wp\/v2\/categories?post=5404"},{"taxonomy":"post_tag","embeddable":true,"href":"https:\/\/www.feuerwehr-aumuehle.de\/wopre\/wp-json\/wp\/v2\/tags?post=5404"},{"taxonomy":"einsatzart","embeddable":true,"href":"https:\/\/www.feuerwehr-aumuehle.de\/wopre\/wp-json\/wp\/v2\/einsatzart?post=5404"},{"taxonomy":"fahrzeug","embeddable":true,"href":"https:\/\/www.feuerwehr-aumuehle.de\/wopre\/wp-json\/wp\/v2\/fahrzeug?post=5404"},{"taxonomy":"exteinsatzmittel","embeddable":true,"href":"https:\/\/www.feuerwehr-aumuehle.de\/wopre\/wp-json\/wp\/v2\/exteinsatzmittel?post=5404"},{"taxonomy":"alarmierungsart","embeddable":true,"href":"https:\/\/www.feuerwehr-aumuehle.de\/wopre\/wp-json\/wp\/v2\/alarmierungsart?post=5404"},{"taxonomy":"evw_unit","embeddable":true,"href":"https:\/\/www.feuerwehr-aumuehle.de\/wopre\/wp-json\/wp\/v2\/evw_unit?post=5404"}],"curies":[{"name":"wp","href":"https:\/\/api.w.org\/{rel}","templated":true}]}}