{"id":5879,"date":"2024-01-07T15:21:00","date_gmt":"2024-01-07T14:21:00","guid":{"rendered":"https:\/\/www.feuerwehr-aumuehle.de\/wopre\/?post_type=einsatz&#038;p=5879"},"modified":"2024-01-11T18:11:14","modified_gmt":"2024-01-11T17:11:14","slug":"feu-00-garagenbrand","status":"publish","type":"einsatz","link":"https:\/\/www.feuerwehr-aumuehle.de\/wopre\/einsaetze\/feu-00-garagenbrand\/","title":{"rendered":"FEU 00 &#8211; Garagenbrand"},"content":{"rendered":"\n<p>Es brannte Unrat in einer Garage.<\/p>\n\n\n\n<p>Wir unterst\u00fctzen die Kamderadinnen und Kameraden der FF Wohltorf mit Atemschutzger\u00e4tetr\u00e4gern, mussten aber letztendlich nicht mehr t\u00e4tig werden. <\/p>\n\n\n\n<figure class=\"wp-block-image size-medium\"><a  href=\"https:\/\/www.feuerwehr-aumuehle.de\/wopre\/wp-content\/uploads\/2024\/01\/symb_wbk_2000.jpg\" data-rel=\"gallery-gallery-0\" data-rl_title=\"\" data-rl_caption=\"\" title=\"\"><img loading=\"lazy\" decoding=\"async\" width=\"300\" height=\"300\" src=\"https:\/\/www.feuerwehr-aumuehle.de\/wopre\/wp-content\/uploads\/2024\/01\/symb_wbk_2000-300x300.jpg\" alt=\"\" class=\"wp-image-5880\" srcset=\"https:\/\/www.feuerwehr-aumuehle.de\/wopre\/wp-content\/uploads\/2024\/01\/symb_wbk_2000-300x300.jpg 300w, https:\/\/www.feuerwehr-aumuehle.de\/wopre\/wp-content\/uploads\/2024\/01\/symb_wbk_2000-1024x1024.jpg 1024w, https:\/\/www.feuerwehr-aumuehle.de\/wopre\/wp-content\/uploads\/2024\/01\/symb_wbk_2000-150x150.jpg 150w, https:\/\/www.feuerwehr-aumuehle.de\/wopre\/wp-content\/uploads\/2024\/01\/symb_wbk_2000-768x768.jpg 768w, https:\/\/www.feuerwehr-aumuehle.de\/wopre\/wp-content\/uploads\/2024\/01\/symb_wbk_2000-1536x1536.jpg 1536w, https:\/\/www.feuerwehr-aumuehle.de\/wopre\/wp-content\/uploads\/2024\/01\/symb_wbk_2000-600x600.jpg 600w, https:\/\/www.feuerwehr-aumuehle.de\/wopre\/wp-content\/uploads\/2024\/01\/symb_wbk_2000-960x960.jpg 960w, https:\/\/www.feuerwehr-aumuehle.de\/wopre\/wp-content\/uploads\/2024\/01\/symb_wbk_2000-180x180.jpg 180w, https:\/\/www.feuerwehr-aumuehle.de\/wopre\/wp-content\/uploads\/2024\/01\/symb_wbk_2000-55x55.jpg 55w, https:\/\/www.feuerwehr-aumuehle.de\/wopre\/wp-content\/uploads\/2024\/01\/symb_wbk_2000.jpg 2000w\" sizes=\"auto, (max-width: 300px) 100vw, 300px\" \/><\/a><\/figure>\n","protected":false},"author":5,"featured_media":5880,"template":"","meta":{"einsatz_weight":1,"footnotes":""},"categories":[],"tags":[],"einsatzart":[200],"fahrzeug":[163,4,8],"exteinsatzmittel":[6,43,99],"alarmierungsart":[228,41,229],"evw_unit":[],"class_list":["post-5879","einsatz","type-einsatz","status-publish","has-post-thumbnail","hentry","einsatzart-feu","fahrzeug-hlf","fahrzeug-lf","fahrzeug-mzf","exteinsatzmittel-ff-wohltorf","exteinsatzmittel-polizei","exteinsatzmittel-rettungsdienst","alarmierungsart-funkmeldeempfaenger","alarmierungsart-sirene","alarmierungsart-smartphone-app"],"_links":{"self":[{"href":"https:\/\/www.feuerwehr-aumuehle.de\/wopre\/wp-json\/wp\/v2\/einsatz\/5879","targetHints":{"allow":["GET"]}}],"collection":[{"href":"https:\/\/www.feuerwehr-aumuehle.de\/wopre\/wp-json\/wp\/v2\/einsatz"}],"about":[{"href":"https:\/\/www.feuerwehr-aumuehle.de\/wopre\/wp-json\/wp\/v2\/types\/einsatz"}],"author":[{"embeddable":true,"href":"https:\/\/www.feuerwehr-aumuehle.de\/wopre\/wp-json\/wp\/v2\/users\/5"}],"version-history":[{"count":2,"href":"https:\/\/www.feuerwehr-aumuehle.de\/wopre\/wp-json\/wp\/v2\/einsatz\/5879\/revisions"}],"predecessor-version":[{"id":5882,"href":"https:\/\/www.feuerwehr-aumuehle.de\/wopre\/wp-json\/wp\/v2\/einsatz\/5879\/revisions\/5882"}],"wp:featuredmedia":[{"embeddable":true,"href":"https:\/\/www.feuerwehr-aumuehle.de\/wopre\/wp-json\/wp\/v2\/media\/5880"}],"wp:attachment":[{"href":"https:\/\/www.feuerwehr-aumuehle.de\/wopre\/wp-json\/wp\/v2\/media?parent=5879"}],"wp:term":[{"taxonomy":"category","embeddable":true,"href":"https:\/\/www.feuerwehr-aumuehle.de\/wopre\/wp-json\/wp\/v2\/categories?post=5879"},{"taxonomy":"post_tag","embeddable":true,"href":"https:\/\/www.feuerwehr-aumuehle.de\/wopre\/wp-json\/wp\/v2\/tags?post=5879"},{"taxonomy":"einsatzart","embeddable":true,"href":"https:\/\/www.feuerwehr-aumuehle.de\/wopre\/wp-json\/wp\/v2\/einsatzart?post=5879"},{"taxonomy":"fahrzeug","embeddable":true,"href":"https:\/\/www.feuerwehr-aumuehle.de\/wopre\/wp-json\/wp\/v2\/fahrzeug?post=5879"},{"taxonomy":"exteinsatzmittel","embeddable":true,"href":"https:\/\/www.feuerwehr-aumuehle.de\/wopre\/wp-json\/wp\/v2\/exteinsatzmittel?post=5879"},{"taxonomy":"alarmierungsart","embeddable":true,"href":"https:\/\/www.feuerwehr-aumuehle.de\/wopre\/wp-json\/wp\/v2\/alarmierungsart?post=5879"},{"taxonomy":"evw_unit","embeddable":true,"href":"https:\/\/www.feuerwehr-aumuehle.de\/wopre\/wp-json\/wp\/v2\/evw_unit?post=5879"}],"curies":[{"name":"wp","href":"https:\/\/api.w.org\/{rel}","templated":true}]}}