{"id":6591,"date":"2025-04-15T16:19:00","date_gmt":"2025-04-15T14:19:00","guid":{"rendered":"https:\/\/www.feuerwehr-aumuehle.de\/wopre\/?post_type=einsatz&#038;p=6591"},"modified":"2025-04-15T19:28:26","modified_gmt":"2025-04-15T17:28:26","slug":"feu-bma-ausloesung-brandmeldeanlage-39","status":"publish","type":"einsatz","link":"https:\/\/www.feuerwehr-aumuehle.de\/wopre\/einsaetze\/feu-bma-ausloesung-brandmeldeanlage-39\/","title":{"rendered":"FEU BMA &#8211; Ausl\u00f6sung Brandmeldeanlage"},"content":{"rendered":"\n<p>Die Ausl\u00f6sung der Brandmeldeanlage in einem Wohltorfer Seniorenheim konnte auf angebranntes Essen zur\u00fcckgef\u00fchrt werden. Das Appartement wurde durch die Wohltorfer Kameraden bel\u00fcftet und die Anlage zur\u00fcckgesetzt. Die Feuerwehr Aum\u00fchle musste somit nicht mehr t\u00e4tig werden.<\/p>\n\n\n\n<figure class=\"wp-block-image size-medium\"><a  href=\"https:\/\/www.feuerwehr-aumuehle.de\/wopre\/wp-content\/uploads\/2021\/07\/efa_rauchmelder.jpg\" data-rel=\"gallery-gallery-0\" data-rl_title=\"\" data-rl_caption=\"\" title=\"\"><img loading=\"lazy\" decoding=\"async\" width=\"300\" height=\"300\" src=\"https:\/\/www.feuerwehr-aumuehle.de\/wopre\/wp-content\/uploads\/2021\/07\/efa_rauchmelder-300x300.jpg\" alt=\"\" class=\"wp-image-4751\" srcset=\"https:\/\/www.feuerwehr-aumuehle.de\/wopre\/wp-content\/uploads\/2021\/07\/efa_rauchmelder-300x300.jpg 300w, https:\/\/www.feuerwehr-aumuehle.de\/wopre\/wp-content\/uploads\/2021\/07\/efa_rauchmelder-1024x1024.jpg 1024w, https:\/\/www.feuerwehr-aumuehle.de\/wopre\/wp-content\/uploads\/2021\/07\/efa_rauchmelder-150x150.jpg 150w, https:\/\/www.feuerwehr-aumuehle.de\/wopre\/wp-content\/uploads\/2021\/07\/efa_rauchmelder-768x768.jpg 768w, https:\/\/www.feuerwehr-aumuehle.de\/wopre\/wp-content\/uploads\/2021\/07\/efa_rauchmelder-75x75.jpg 75w, https:\/\/www.feuerwehr-aumuehle.de\/wopre\/wp-content\/uploads\/2021\/07\/efa_rauchmelder-960x960.jpg 960w, https:\/\/www.feuerwehr-aumuehle.de\/wopre\/wp-content\/uploads\/2021\/07\/efa_rauchmelder-180x180.jpg 180w, https:\/\/www.feuerwehr-aumuehle.de\/wopre\/wp-content\/uploads\/2021\/07\/efa_rauchmelder-55x55.jpg 55w, https:\/\/www.feuerwehr-aumuehle.de\/wopre\/wp-content\/uploads\/2021\/07\/efa_rauchmelder.jpg 1500w\" sizes=\"auto, (max-width: 300px) 100vw, 300px\" \/><\/a><\/figure>\n","protected":false},"author":5,"featured_media":4751,"template":"","meta":{"einsatz_weight":1,"footnotes":""},"categories":[],"tags":[],"einsatzart":[211],"fahrzeug":[163],"exteinsatzmittel":[9,6,43,99],"alarmierungsart":[],"evw_unit":[],"class_list":["post-6591","einsatz","type-einsatz","status-publish","has-post-thumbnail","hentry","einsatzart-feubma","fahrzeug-hlf","exteinsatzmittel-ff-wentorf","exteinsatzmittel-ff-wohltorf","exteinsatzmittel-polizei","exteinsatzmittel-rettungsdienst"],"_links":{"self":[{"href":"https:\/\/www.feuerwehr-aumuehle.de\/wopre\/wp-json\/wp\/v2\/einsatz\/6591","targetHints":{"allow":["GET"]}}],"collection":[{"href":"https:\/\/www.feuerwehr-aumuehle.de\/wopre\/wp-json\/wp\/v2\/einsatz"}],"about":[{"href":"https:\/\/www.feuerwehr-aumuehle.de\/wopre\/wp-json\/wp\/v2\/types\/einsatz"}],"author":[{"embeddable":true,"href":"https:\/\/www.feuerwehr-aumuehle.de\/wopre\/wp-json\/wp\/v2\/users\/5"}],"version-history":[{"count":3,"href":"https:\/\/www.feuerwehr-aumuehle.de\/wopre\/wp-json\/wp\/v2\/einsatz\/6591\/revisions"}],"predecessor-version":[{"id":6594,"href":"https:\/\/www.feuerwehr-aumuehle.de\/wopre\/wp-json\/wp\/v2\/einsatz\/6591\/revisions\/6594"}],"wp:featuredmedia":[{"embeddable":true,"href":"https:\/\/www.feuerwehr-aumuehle.de\/wopre\/wp-json\/wp\/v2\/media\/4751"}],"wp:attachment":[{"href":"https:\/\/www.feuerwehr-aumuehle.de\/wopre\/wp-json\/wp\/v2\/media?parent=6591"}],"wp:term":[{"taxonomy":"category","embeddable":true,"href":"https:\/\/www.feuerwehr-aumuehle.de\/wopre\/wp-json\/wp\/v2\/categories?post=6591"},{"taxonomy":"post_tag","embeddable":true,"href":"https:\/\/www.feuerwehr-aumuehle.de\/wopre\/wp-json\/wp\/v2\/tags?post=6591"},{"taxonomy":"einsatzart","embeddable":true,"href":"https:\/\/www.feuerwehr-aumuehle.de\/wopre\/wp-json\/wp\/v2\/einsatzart?post=6591"},{"taxonomy":"fahrzeug","embeddable":true,"href":"https:\/\/www.feuerwehr-aumuehle.de\/wopre\/wp-json\/wp\/v2\/fahrzeug?post=6591"},{"taxonomy":"exteinsatzmittel","embeddable":true,"href":"https:\/\/www.feuerwehr-aumuehle.de\/wopre\/wp-json\/wp\/v2\/exteinsatzmittel?post=6591"},{"taxonomy":"alarmierungsart","embeddable":true,"href":"https:\/\/www.feuerwehr-aumuehle.de\/wopre\/wp-json\/wp\/v2\/alarmierungsart?post=6591"},{"taxonomy":"evw_unit","embeddable":true,"href":"https:\/\/www.feuerwehr-aumuehle.de\/wopre\/wp-json\/wp\/v2\/evw_unit?post=6591"}],"curies":[{"name":"wp","href":"https:\/\/api.w.org\/{rel}","templated":true}]}}