{"id":837,"date":"2013-12-06T11:10:00","date_gmt":"2013-12-06T10:10:00","guid":{"rendered":"http:\/\/vu2080.web2.premium-webspace.net\/wopre\/?post_type=einsatz&#038;p=837"},"modified":"2017-04-05T19:54:49","modified_gmt":"2017-04-05T17:54:49","slug":"orkan-xaver-baum-auf-haus","status":"publish","type":"einsatz","link":"https:\/\/www.feuerwehr-aumuehle.de\/wopre\/einsaetze\/orkan-xaver-baum-auf-haus\/","title":{"rendered":"Orkan \u201eXaver\u201d: Baum auf Haus"},"content":{"rendered":"<p>Eine etwa 20m hohe Tanne war mit dem Wipfel auf ein Hausdach\u00a0gest\u00fcrzt. Der obere Teil wurde durch die Feuerwehr Aum\u00fchle zers\u00e4gt und vom Dach ger\u00e4umt.\u00a0Die weitere Zerlegung der Tanne\u00a0erfolgt durch\u00a0eine Fachfirma.<\/p>\n","protected":false},"author":4,"featured_media":0,"template":"","meta":{"einsatz_weight":1,"footnotes":""},"categories":[],"tags":[],"einsatzart":[],"fahrzeug":[4,5,46],"exteinsatzmittel":[],"alarmierungsart":[7],"evw_unit":[],"class_list":["post-837","einsatz","type-einsatz","status-publish","hentry","fahrzeug-lf","fahrzeug-rw","fahrzeug-tlf","alarmierungsart-dme"],"_links":{"self":[{"href":"https:\/\/www.feuerwehr-aumuehle.de\/wopre\/wp-json\/wp\/v2\/einsatz\/837","targetHints":{"allow":["GET"]}}],"collection":[{"href":"https:\/\/www.feuerwehr-aumuehle.de\/wopre\/wp-json\/wp\/v2\/einsatz"}],"about":[{"href":"https:\/\/www.feuerwehr-aumuehle.de\/wopre\/wp-json\/wp\/v2\/types\/einsatz"}],"author":[{"embeddable":true,"href":"https:\/\/www.feuerwehr-aumuehle.de\/wopre\/wp-json\/wp\/v2\/users\/4"}],"version-history":[{"count":1,"href":"https:\/\/www.feuerwehr-aumuehle.de\/wopre\/wp-json\/wp\/v2\/einsatz\/837\/revisions"}],"predecessor-version":[{"id":2891,"href":"https:\/\/www.feuerwehr-aumuehle.de\/wopre\/wp-json\/wp\/v2\/einsatz\/837\/revisions\/2891"}],"wp:attachment":[{"href":"https:\/\/www.feuerwehr-aumuehle.de\/wopre\/wp-json\/wp\/v2\/media?parent=837"}],"wp:term":[{"taxonomy":"category","embeddable":true,"href":"https:\/\/www.feuerwehr-aumuehle.de\/wopre\/wp-json\/wp\/v2\/categories?post=837"},{"taxonomy":"post_tag","embeddable":true,"href":"https:\/\/www.feuerwehr-aumuehle.de\/wopre\/wp-json\/wp\/v2\/tags?post=837"},{"taxonomy":"einsatzart","embeddable":true,"href":"https:\/\/www.feuerwehr-aumuehle.de\/wopre\/wp-json\/wp\/v2\/einsatzart?post=837"},{"taxonomy":"fahrzeug","embeddable":true,"href":"https:\/\/www.feuerwehr-aumuehle.de\/wopre\/wp-json\/wp\/v2\/fahrzeug?post=837"},{"taxonomy":"exteinsatzmittel","embeddable":true,"href":"https:\/\/www.feuerwehr-aumuehle.de\/wopre\/wp-json\/wp\/v2\/exteinsatzmittel?post=837"},{"taxonomy":"alarmierungsart","embeddable":true,"href":"https:\/\/www.feuerwehr-aumuehle.de\/wopre\/wp-json\/wp\/v2\/alarmierungsart?post=837"},{"taxonomy":"evw_unit","embeddable":true,"href":"https:\/\/www.feuerwehr-aumuehle.de\/wopre\/wp-json\/wp\/v2\/evw_unit?post=837"}],"curies":[{"name":"wp","href":"https:\/\/api.w.org\/{rel}","templated":true}]}}